{"id":9,"date":"2014-02-10T08:15:07","date_gmt":"2014-02-10T06:15:07","guid":{"rendered":"http:\/\/randomi.info\/p\/alva\/?page_id=9"},"modified":"2026-04-27T10:38:15","modified_gmt":"2026-04-27T07:38:15","slug":"yhdistys","status":"publish","type":"page","link":"http:\/\/alvaforsius.fi\/sv\/yhdistys\/","title":{"rendered":"F\u00f6reningen"},"content":{"rendered":"<p>F\u00f6reningen Alva Forsius minne rf. \u2013 Alva Forsiuksen muistoyhdistys ry . grundades i juni 2013. F\u00f6reningens syfte \u00e4r att f\u00f6rvalta Alva Forsius minne och livsverk samt fr\u00e4mja v\u00e4rderingar som var viktiga f\u00f6r Alva Forsius. F\u00f6reningen sprider m\u00e5ngsidig information om Alva Forsius livsverk genom att ordna seminarier och andra evenemang kring teman som var viktiga f\u00f6r Alva Forsius. F\u00f6reningen ordnar \u00e5rligen en minnesh\u00f6gtid p\u00e5 Alva Forsius f\u00f6delsedag den 24 maj. F\u00f6reningen kan \u00e4ven dela ut stipendier till verksamhet som fr\u00e4mjar v\u00e4rderingar som var viktiga f\u00f6r Alva Forsius, samt uppr\u00e4tta en staty till minnet av Alva Forsius.<\/p>\n<p>Styrelsemedlemmarna 2025:<br \/>\nMikaela Nylander ordf\u00f6rande, Birgitta Palmqvist sekreterare, Raija T\u00f6lkk\u00f6 kass\u00f6r\u00a0 Jenny T\u00f6rnroos.<\/p>\n<p>Alva Forsius uppvaktades p\u00e5 sin F\u00f6delsedag den 24.5.2018<a href=\"http:\/\/alvaforsius.fi\/wp-content\/uploads\/2014\/02\/alvaforsius2018.jpg\"><img decoding=\"async\" class=\"alignleft\" src=\"http:\/\/alvaforsius.fi\/wp-content\/uploads\/2014\/02\/alvaforsius2018-150x150.jpg\" alt=\"Alva Forsius f\u00f6delsedag 2018\" \/><\/a><\/p>\n<p><\/p>","protected":false},"excerpt":{"rendered":"<p>F\u00f6reningen Alva Forsius minne rf. \u2013 Alva Forsiuksen muistoyhdistys ry . grundades i juni 2013. F\u00f6reningens syfte \u00e4r att f\u00f6rvalta Alva Forsius minne och livsverk samt fr\u00e4mja v\u00e4rderingar som var viktiga f\u00f6r Alva Forsius. F\u00f6reningen sprider m\u00e5ngsidig information om Alva Forsius livsverk genom att ordna seminarier och andra evenemang kring teman som var viktiga f\u00f6r [&hellip;]<\/p>\n","protected":false},"author":1,"featured_media":0,"parent":0,"menu_order":0,"comment_status":"closed","ping_status":"closed","template":"page-full.php","meta":{"footnotes":""},"class_list":["post-9","page","type-page","status-publish","hentry"],"_links":{"self":[{"href":"http:\/\/alvaforsius.fi\/sv\/wp-json\/wp\/v2\/pages\/9","targetHints":{"allow":["GET"]}}],"collection":[{"href":"http:\/\/alvaforsius.fi\/sv\/wp-json\/wp\/v2\/pages"}],"about":[{"href":"http:\/\/alvaforsius.fi\/sv\/wp-json\/wp\/v2\/types\/page"}],"author":[{"embeddable":true,"href":"http:\/\/alvaforsius.fi\/sv\/wp-json\/wp\/v2\/users\/1"}],"replies":[{"embeddable":true,"href":"http:\/\/alvaforsius.fi\/sv\/wp-json\/wp\/v2\/comments?post=9"}],"version-history":[{"count":30,"href":"http:\/\/alvaforsius.fi\/sv\/wp-json\/wp\/v2\/pages\/9\/revisions"}],"predecessor-version":[{"id":380,"href":"http:\/\/alvaforsius.fi\/sv\/wp-json\/wp\/v2\/pages\/9\/revisions\/380"}],"wp:attachment":[{"href":"http:\/\/alvaforsius.fi\/sv\/wp-json\/wp\/v2\/media?parent=9"}],"curies":[{"name":"wp","href":"https:\/\/api.w.org\/{rel}","templated":true}]}}