{"id":2,"date":"2014-02-08T11:15:52","date_gmt":"2014-02-08T11:15:52","guid":{"rendered":"http:\/\/randomi.info\/p\/alva\/?page_id=2"},"modified":"2018-12-18T10:03:35","modified_gmt":"2018-12-18T08:03:35","slug":"esimerkkisivu","status":"publish","type":"page","link":"http:\/\/alvaforsius.fi\/sv\/","title":{"rendered":"Alva Forsius"},"content":{"rendered":"<p><\/p>\n<div style=\"border: 1px solid brown; padding: 10px; padding-bottom: 0px; margin-bottom: 10px; margin-right: 15px;\">\n<figure><a href=\"http:\/\/alvaforsius.fi\/wp-content\/uploads\/2014\/02\/staty.jpg\"><img decoding=\"async\" class=\"alignleft\" src=\"http:\/\/alvaforsius.fi\/wp-content\/uploads\/2014\/02\/staty-1024x682.jpg\" alt=\"Mikaela Nylander puheenjohtaja, Birgitta Palmqvist sihteeri, Kirsti Sund rahastonhoitaja, Liisa Tuomala ja Jenny T\u00f6rnroos Alva Forsiuksen muistoyhdistys ry. Jukka-Pekka Ujula, patsas, lahjoitus\" \/><\/a><\/figure>\n<p>&nbsp;<\/p>\n<p>&nbsp;<\/p>\n<p>&nbsp;<\/p>\n<p>&nbsp;<\/p>\n<p>Statyn \u00f6ver Alva Forsius \u00f6verl\u00e4ts som en julklapp den 17.12.2018 i Borg\u00e5 stads \u00e4go. Statyn mottogs av stadsdirekt\u00f6r <em>Jukka-Pekka Ujula<\/em>. &#8221;Att staden f\u00e5r en julklapp betyder ju att staden varit sn\u00e4ll&#8221;,\u00a0 sade Ujula . Stadsdirekt\u00f6ren lovade att se till att omr\u00e5det kring statyn f\u00e5r den inrymning som den f\u00f6rtj\u00e4nar.<\/p>\n<p>Hela f\u00f6reningens styrelse var med vid ceremonin: fr\u00e5n v\u00e4nster<em> Kirsti Sund, Liisa Tuomala, Mikaela Nylander, Birgitta Palmqvist och Jenny T\u00f6rnroos.<\/em><br \/>\n<strong>Foto: It\u00e4v\u00e4yl\u00e4\/Mika Laine<\/strong>.<\/p>\n<\/div>\n<p>&nbsp;<\/p>\n<div style=\"border: 1px solid brown; padding: 10px; padding-bottom: 0px; margin-bottom: 10px; margin-right: 15px;\">\n<figure><a href=\"http:\/\/alvaforsius.fi\/wp-content\/uploads\/2016\/06\/Alva3.jpg\"><img decoding=\"async\" class=\"alignleft\" src=\"http:\/\/alvaforsius.fi\/wp-content\/uploads\/2016\/06\/Alva3-150x150.jpg\" alt=\"dav\" \/><\/a><\/figure>\n<p>Alva Forsius minnesstaty avrestes den 24.5.2016 p\u00e5 barnb\u00f6rdsanstaltens g\u00e5rd. Detta barnb\u00f6rdsjukhus grundades av Alva Forsius.<br \/>\nStaty \u00e4r gjord av Marko Vaher fr\u00e5n Bergl\u00f6fs stenhuggeri.<\/p>\n<p>&nbsp;<\/p>\n<p>&nbsp;<\/p>\n<\/div>\n<p>&nbsp;<\/p>\n<p>&nbsp;<\/p>\n<div class=\"clearfix\"><\/div>\n<div class=\"clearfix\"><\/div>\n<hr \/>\n<div style=\"width: 207px\" class=\"wp-caption alignright\"><img loading=\"lazy\" decoding=\"async\" class=\" \" title=\" En unik kvinna i Borg\u00e5 Alva Forsius 24.5.1866-14.7.1935.\" src=\"http:\/\/randomi.info\/p\/alva\/wp-content\/uploads\/2014\/02\/Alva-Forsius-197x300.jpg\" alt=\"Alva Forsius\" width=\"197\" height=\"300\" \/><p class=\"wp-caption-text\">En unik kvinna i Borg\u00e5<br \/> Alva Forsius<br \/> 24.5.1866-14.7.1935.<\/p><\/div>\n<p>Alva Forsius f\u00f6ddes i Borg\u00e5 landskommun, p\u00e5 \u00c5by s\u00e4teri den 24 maj 1866. Hon var n\u00e4st \u00e4ldst i en syskonskara p\u00e5 12 barn. F\u00f6r\u00e4ldrarna var Johan Forsius och Hulda Hollmerus. Hon utbildade sig f\u00f6rst till handarbetsl\u00e4rarinna och var en av dem som inf\u00f6rde Fr\u00e4lsningsarm\u00e9n i Finland. Alva blev l\u00f6jtnant i Fr\u00e4lsningsarm\u00e9n \u00e5r 1889 och jobbade d\u00e4r i ungef\u00e4r 10 \u00e5r. Hon utbildade sig till barnmorska 1895 och 10.9.1898 avlande hon examen i instrumentala barnf\u00f6rlossningskonsten.<\/p>\n<p>Hon kom att uppleva de unga, ensamma mammornas stora sv\u00e5righeter, n\u00f6d och lidande eftersom det p\u00e5 den tiden inte fanns n\u00e5got socialt st\u00f6d f\u00f6r ensamst\u00e5ende m\u00f6drar. Och eftersom Alva hade en stark k\u00e4nsla f\u00f6r socialt arbete var det naturligt att hon best\u00e4mde sig f\u00f6r att underl\u00e4tta situationen f\u00f6r dessa unga kvinnor.<\/p>\n<p>Alva b\u00f6rjade kraftfullt arbeta f\u00f6r att kunna f\u00f6rverkliga sin dr\u00f6m om ett privat barnab\u00f6rdssjukhus i Borg\u00e5. Som ett resultat av hennes h\u00e5rda arbete kunde ett BB \u00f6ppnas i hyrda utrymmen den f\u00f6rsta juni 1899. Alva \u00f6nskade dock st\u00f6rre utrymmen f\u00f6r verksamheten och med sin k\u00e4nnspaka iver l\u00e4t hon resa ett stort hus med 12 patientplatser p\u00e5 Jonasbacken. BB st\u00f6ddes bla. av Borg\u00e5 stad, Sparbanken och av utsk\u00e4nkningsbolaget.<\/p>\n<p>Alva skrev flera b\u00f6cker f\u00f6r gravida kvinnor och om barnav\u00e5rd. B\u00f6ckerna lade i princip grunden f\u00f6r dagens r\u00e5dgivningsverksamhet. Alva s\u00e5g ocks\u00e5 de problem ensamst\u00e5ende mammor st\u00f6tte p\u00e5 efter f\u00f6rlossningen. Som den driftiga kvinna hon var l\u00e4t hon resa ett stort hus mittemot BB. Huset d\u00f6ptes till Solhem och detta vackra och ljusa hem \u00f6ppnades den f\u00f6rsta juni 1914. Solhem var Finlands f\u00f6rsta m\u00f6drahem d\u00e4r modern och barnet kunde stanna i sex m\u00e5nader efter f\u00f6rlossningen. Mammorna fick r\u00e5d i barnav\u00e5rd och yrkesf\u00e4rdigheter f\u00f6r att kunna f\u00f6rs\u00f6rja sig sj\u00e4lv och barnet. Man h\u00f6ll kontakt med mammorna under tre \u00e5r f\u00f6r att st\u00f6da och ge dem r\u00e5d.<\/p>\n<p>Alva hade tre fosterd\u00f6ttrar, Anna Sofie f. 1.1.1900, Marta Bernhardine f. 12.3.1905 och Eva Elisabeth f. 19.12.1912. Ann-Sofie dog i ung \u00e5lder och Alva adopterade de tv\u00e5 andra fosterd\u00f6ttrarna i \u00e5r 1929.<\/p>","protected":false},"excerpt":{"rendered":"<p>&nbsp; &nbsp; &nbsp; &nbsp; Statyn \u00f6ver Alva Forsius \u00f6verl\u00e4ts som en julklapp den 17.12.2018 i Borg\u00e5 stads \u00e4go. Statyn mottogs av stadsdirekt\u00f6r Jukka-Pekka Ujula. &#8221;Att staden f\u00e5r en julklapp betyder ju att staden varit sn\u00e4ll&#8221;,\u00a0 sade Ujula . Stadsdirekt\u00f6ren lovade att se till att omr\u00e5det kring statyn f\u00e5r den inrymning som den f\u00f6rtj\u00e4nar. Hela f\u00f6reningens [&hellip;]<\/p>\n","protected":false},"author":1,"featured_media":0,"parent":0,"menu_order":0,"comment_status":"closed","ping_status":"closed","template":"page-full.php","meta":{"footnotes":""},"class_list":["post-2","page","type-page","status-publish","hentry"],"_links":{"self":[{"href":"http:\/\/alvaforsius.fi\/sv\/wp-json\/wp\/v2\/pages\/2","targetHints":{"allow":["GET"]}}],"collection":[{"href":"http:\/\/alvaforsius.fi\/sv\/wp-json\/wp\/v2\/pages"}],"about":[{"href":"http:\/\/alvaforsius.fi\/sv\/wp-json\/wp\/v2\/types\/page"}],"author":[{"embeddable":true,"href":"http:\/\/alvaforsius.fi\/sv\/wp-json\/wp\/v2\/users\/1"}],"replies":[{"embeddable":true,"href":"http:\/\/alvaforsius.fi\/sv\/wp-json\/wp\/v2\/comments?post=2"}],"version-history":[{"count":70,"href":"http:\/\/alvaforsius.fi\/sv\/wp-json\/wp\/v2\/pages\/2\/revisions"}],"predecessor-version":[{"id":352,"href":"http:\/\/alvaforsius.fi\/sv\/wp-json\/wp\/v2\/pages\/2\/revisions\/352"}],"wp:attachment":[{"href":"http:\/\/alvaforsius.fi\/sv\/wp-json\/wp\/v2\/media?parent=2"}],"curies":[{"name":"wp","href":"https:\/\/api.w.org\/{rel}","templated":true}]}}